{"id":334,"date":"2021-08-06T00:00:00","date_gmt":"2021-08-06T00:00:00","guid":{"rendered":"http:\/\/pacs.org.br\/novo-marcos-arruda\/massa-critica\/acoes-globais-dos-movimentos-sociais\/"},"modified":"2022-10-13T14:35:04","modified_gmt":"2022-10-13T14:35:04","slug":"acoes-globais-dos-movimentos-sociais","status":"publish","type":"massa-critica","link":"https:\/\/pacs.org.br\/marcosarruda\/massa-critica\/acoes-globais-dos-movimentos-sociais\/","title":{"rendered":"A\u00e7\u00f5es globais dos movimentos sociais"},"content":{"rendered":"\n<p>&#8220;\u00c9 uma grande alegria e uma honra estar convidado a participar desta Confer\u00eancia que encerra o I F\u00f3rum Social Brasileiro. Sou um ex-preso pol\u00edtico do tempo da ditadura militar. Fui preso e torturado, e a press\u00e3o da fam\u00edlia, de amigos, das igrejas e da Anistia Internacional ajudou na minha liberta\u00e7\u00e3o. \u00c9 importante que voc\u00eas ou\u00e7am isto, porque esta parte recente da Hist\u00f3ria do Brasil parece enterrada, mas n\u00e3o deve ser esquecida, sobretudo pela juventude desse pa\u00eds. Durante quatro anos trabalhei com o Professor Paulo Freire em Genebra. Colaboramos na constru\u00e7\u00e3o dos programas de educa\u00e7\u00e3o de jovens e adultos da Guin\u00e9 Bissau e do Cabo Verde, logo depois da liberta\u00e7\u00e3o do jugo colonial portugu\u00eas. Trabalhei como economista do Conselho Mundial de Igrejas, em Genebra, e como consultor do Governo Sandinista da Nicar\u00e1gua. Retornei ao Brasil em 1982 e, desde ent\u00e3o, tenho trabalhado a servi\u00e7o dos movimentos sociais e populares do Brasil e de outros pa\u00edses da Am\u00e9rica Latina e do mundo.<\/p>\n\n\n\n<p>[&#8230;]&#8221;<\/p>\n\n\n\n<div class=\"wp-block-file\"><a id=\"wp-block-file--media-e1289172-b8d5-43ee-8982-c3ba8e6306cc\" href=\"http:\/\/pacs.org.br\/wp-content\/uploads\/2021\/08\/PUB_PACS_2003_005.pdf\">Confira o Massa Cr\u00edtica na \u00edntegra:<\/a><a href=\"http:\/\/pacs.org.br\/wp-content\/uploads\/2021\/08\/PUB_PACS_2003_005.pdf\" class=\"wp-block-file__button\" download aria-describedby=\"wp-block-file--media-e1289172-b8d5-43ee-8982-c3ba8e6306cc\">Baixar<\/a><\/div>\n","protected":false},"excerpt":{"rendered":"<p>&#8220;\u00c9 uma grande alegria e uma honra estar convidado a participar desta Confer\u00eancia que encerra o I F\u00f3rum Social Brasileiro. Sou um ex-preso pol\u00edtico do tempo da ditadura militar. Fui preso e torturado, e a press\u00e3o da fam\u00edlia, de amigos, das igrejas e da Anistia Internacional ajudou na minha liberta\u00e7\u00e3o. \u00c9 importante que voc\u00eas ou\u00e7am [&hellip;]<\/p>\n","protected":false},"featured_media":415,"template":"","class_list":["post-334","massa-critica","type-massa-critica","status-publish","has-post-thumbnail","hentry"],"_links":{"self":[{"href":"https:\/\/pacs.org.br\/marcosarruda\/wp-json\/wp\/v2\/massa-critica\/334","targetHints":{"allow":["GET"]}}],"collection":[{"href":"https:\/\/pacs.org.br\/marcosarruda\/wp-json\/wp\/v2\/massa-critica"}],"about":[{"href":"https:\/\/pacs.org.br\/marcosarruda\/wp-json\/wp\/v2\/types\/massa-critica"}],"version-history":[{"count":1,"href":"https:\/\/pacs.org.br\/marcosarruda\/wp-json\/wp\/v2\/massa-critica\/334\/revisions"}],"predecessor-version":[{"id":441,"href":"https:\/\/pacs.org.br\/marcosarruda\/wp-json\/wp\/v2\/massa-critica\/334\/revisions\/441"}],"wp:featuredmedia":[{"embeddable":true,"href":"https:\/\/pacs.org.br\/marcosarruda\/wp-json\/wp\/v2\/media\/415"}],"wp:attachment":[{"href":"https:\/\/pacs.org.br\/marcosarruda\/wp-json\/wp\/v2\/media?parent=334"}],"curies":[{"name":"wp","href":"https:\/\/api.w.org\/{rel}","templated":true}]}}